
{"id":14457,"date":"2022-05-04T22:17:07","date_gmt":"2022-05-04T22:17:07","guid":{"rendered":"https:\/\/mexicocity.cdmx.gob.mx\/?page_id=14457"},"modified":"2022-11-04T23:09:18","modified_gmt":"2022-11-04T23:09:18","slug":"mexican-revolution","status":"publish","type":"page","link":"https:\/\/mexicocity.cdmx.gob.mx\/e\/historical-timeline-of-mexico-city\/mexican-revolution\/","title":{"rendered":"La Revoluci\u00f3n Mexicana"},"content":{"rendered":"<p><\/p>\n<h2 style=\"text-align: right;\">1910-1920<\/h2>\n<div class=\"caption-cont\"><figure id=\"attachment_9784\" aria-labelledby=\"figcaption_attachment_9784\" class=\"wp-caption aligncenter\" ><a href=\"https:\/\/mexicocity.cdmx.gob.mx\/wp-content\/uploads\/2014\/10\/la-ciudadela-library.jpg\"><img loading=\"lazy\" decoding=\"async\" class=\"size-full wp-image-9784\" src=\"https:\/\/mexicocity.cdmx.gob.mx\/wp-content\/uploads\/2014\/10\/la-ciudadela-library.jpg\" alt=\"\" width=\"1997\" height=\"852\" srcset=\"https:\/\/mexicocity.cdmx.gob.mx\/wp-content\/uploads\/2014\/10\/la-ciudadela-library.jpg 1997w, https:\/\/mexicocity.cdmx.gob.mx\/wp-content\/uploads\/2014\/10\/la-ciudadela-library-300x128.jpg 300w, https:\/\/mexicocity.cdmx.gob.mx\/wp-content\/uploads\/2014\/10\/la-ciudadela-library-768x328.jpg 768w, https:\/\/mexicocity.cdmx.gob.mx\/wp-content\/uploads\/2014\/10\/la-ciudadela-library-1024x437.jpg 1024w\" sizes=\"auto, (max-width: 1997px) 100vw, 1997px\" \/><\/a><figcaption id=\"figcaption_attachment_9784\" class=\"wp-caption-text\"><a href=\"https:\/\/mexicocity.cdmx.gob.mx\/venues\/la-ciudadela\/\"><b>La Ciudadela<\/b><\/a>: Sitio de los combates m\u00e1s intensos durante los Diez D\u00edas Tr\u00e1gicos de 1913.<em> <span style=\"font-size: 9px;\">Foto: TJ DeGroat <a href=\"https:\/\/creativecommons.org\/licenses\/by\/2.0\/\" target=\"_blank\" rel=\"noopener noreferrer\">Attribution 2.0 Generic (CC BY 2.0) license<\/a><\/span><\/em><\/figcaption><\/figure><\/div>\n<p>&nbsp;<\/p>\n<p><a href=\"https:\/\/mexicocity.cdmx.gob.mx\/mexican-revolution\/\"><strong>Aqu\u00ed<\/strong><\/a> podr\u00e1s acceder a una cronolog\u00eda espec\u00edfica de la Revoluci\u00f3n en el resto del \u00a0pa\u00eds.<\/p>\n<p>Para ver un mapa de sitios significativos para la Revoluci\u00f3n en la Ciudad de M\u00e9xico, <strong><a href=\"https:\/\/mexicocity.cdmx.gob.mx\/tag\/mexican-revolution\/\">haga clic aqu\u00ed.\u00a0<\/a><\/strong><\/p>\n<p>&nbsp;<\/p>\n<p><strong>1910<br \/>\n<\/strong>La Revoluci\u00f3n Mexicana comienza realmente con la elecci\u00f3n de Francisco I. Madero en una disputada elecci\u00f3n en 1910.<\/p>\n<p>Madero entr\u00f3 en la Ciudad de M\u00e9xico el 7 de junio de 1911, al grito de &#8220;\u00a1Viva Madero!&#8221;.<\/p>\n<p>Pero lo m\u00e1s importante es que antes de tomar posesi\u00f3n, Madero perdi\u00f3 el apoyo de Zapata en el sur. El presidente interino, Francisco Le\u00f3n de la Barra, envi\u00f3 a Victoriano Huerta al sur de la Ciudad de M\u00e9xico y al estado de Morelos para reprimir a los reformistas de la tierra y a los campesinos zapatistas. A pesar de las recomendaciones del presidente electo Madero, las revueltas fueron muy violentas.<\/p>\n<p>Esto provoc\u00f3 la ruptura de Zapata con Madero.<\/p>\n<p><strong>1913<br \/>\n<\/strong>Del 9 al 19 de febrero comienza <strong>La Decena Tr\u00e1gica <\/strong>con el bombardeo de Huerta a la ciudad y culminan con el Ex Presidente Francisco I. Madero y su vicepresidente, Jos\u00e9 Mar\u00eda Pino Su\u00e1rez, asesinados en las afueras de la <a href=\"https:\/\/mexicocity.cdmx.gob.mx\/venues\/lecumberri-palace\/\"><strong>Prisi\u00f3n del Palacio de Lecumberri<\/strong><\/a><strong>.<\/strong><\/p>\n<p><strong>1913<br \/>\n<\/strong>Una linea de tranv\u00eda conecta a <a href=\"https:\/\/mexicocity.cdmx.gob.mx\/locations\/azcapotzalco\/\"><strong>Azcapotzalco<\/strong><\/a> con la Ciudad de M\u00e9xico a lo largo de la antigua <a href=\"https:\/\/mexicocity.cdmx.gob.mx\/tag\/calzada-mexico-tacuba\/\"><strong>calzada M\u00e9xico- Tacuba<\/strong><\/a>.<\/p>\n<p><strong>1914<br \/>\n<\/strong>El 15 de julio (aparentemente momentos antes de que estalle la primera guerra mundial en Europa), Huerta cede ante la presi\u00f3n, renuncia a la presidencia y huye del pa\u00eds. Las fuerzas victoriosas de Pancho Villa, acompa\u00f1adas de las fuerzas revolucionarias al mando de Venustiano Carranza y \u00c1lvaro Obreg\u00f3n vuelven a entrar a la Ciudad.<\/p>\n<p>Apoyado por la \u00e9lite mexicana y, externamente, Alemania y Gran Breta\u00f1a, la usurpaci\u00f3n del poder por parte de Huerta nunca cont\u00f3 con el apoyo de la poblaci\u00f3n en general.<\/p>\n<p>A pesar del considerable apoyo de los gobernadores del norte, Huerta encontr\u00f3 su rival en Venustiano Carranza, el gobernador de Coahuila. Enfrentado a un embargo de armas por parte de Estados Unidos, y eventualmente a una invasi\u00f3n en Veracruz, en julio de 1914, Huerta se vio obligado a renunciar y huir del pa\u00eds.<\/p>\n<p><strong>1914<br \/>\n<\/strong>El 6 de Diciembre de 1914, las fuerzas de Emiliano Zapata entran a la Ciudad de M\u00e9xico, luego del famoso encuentro del 4 de Diciembre con Pancho Villa en <strong><a href=\"https:\/\/mexicocity.cdmx.gob.mx\/locations\/xochimilco\/\">Xochimilco<\/a><\/strong>. La &#8220;Divisi\u00f3n del Norte&#8221; de Villa, que lleg\u00f3 en julio anterior, es una fuerza militar casi profesional fuertemente armada. Nunca se hab\u00eda visto nada parecido a los &#8220;zapatistas&#8221;, al menos no en n\u00fameros organizados, en la Ciudad de M\u00e9xico. Los dos ej\u00e9rcitos permanecieron en la ciudad durante el invierno.<\/p>\n<p><strong>1917<br \/>\n<\/strong>El congreso constitucional aprob\u00f3 una nueva constituci\u00f3n el 5 de febrero de 1917. Fue la sucesora de la Constituci\u00f3n de 1857, y sirvi\u00f3 como modelo para la Constituci\u00f3n Rusa de 1918 y la Constituci\u00f3n de Weimar de 1919.<\/p>\n<p><strong>1920<br \/>\n<\/strong> \u00c1lvaro Obreg\u00f3n se convierte en presidente. La redistribuci\u00f3n de las tierras a los campesinos comienza en cumplimiento de las promesas hechas durante la revoluci\u00f3n.<\/p>\n<h3 style=\"text-align: center;\"><a href=\"https:\/\/mexicocity.cdmx.gob.mx\/e\/historical-timeline-of-mexico-city\/porfiriato\/\">El Porfiriato<\/a>\u00a0 |\u00a0 <a href=\"https:\/\/mexicocity.cdmx.gob.mx\/e\/historical-timeline-of-mexico-city\/the-20th-century\/\">Siglo XX<\/a><\/h3>\n<p><\/p>","protected":false},"excerpt":{"rendered":"<p>1910-1920 &nbsp; Aqu\u00ed podr\u00e1s acceder a una cronolog\u00eda espec\u00edfica de la Revoluci\u00f3n en el resto del \u00a0pa\u00eds. Para ver un mapa de sitios significativos para la Revoluci\u00f3n en la Ciudad de M\u00e9xico, haga clic aqu\u00ed.\u00a0 &nbsp; 1910 La Revoluci\u00f3n Mexicana comienza realmente con la elecci\u00f3n de Francisco I. Madero en una disputada elecci\u00f3n en 1910. [&hellip;]<\/p>\n","protected":false},"author":1,"featured_media":0,"parent":10,"menu_order":7,"comment_status":"closed","ping_status":"closed","template":"","meta":{"footnotes":""},"class_list":["post-14457","page","type-page","status-publish","hentry"],"_links":{"self":[{"href":"https:\/\/mexicocity.cdmx.gob.mx\/api\/wp\/v2\/pages\/14457","targetHints":{"allow":["GET"]}}],"collection":[{"href":"https:\/\/mexicocity.cdmx.gob.mx\/api\/wp\/v2\/pages"}],"about":[{"href":"https:\/\/mexicocity.cdmx.gob.mx\/api\/wp\/v2\/types\/page"}],"author":[{"embeddable":true,"href":"https:\/\/mexicocity.cdmx.gob.mx\/api\/wp\/v2\/users\/1"}],"replies":[{"embeddable":true,"href":"https:\/\/mexicocity.cdmx.gob.mx\/api\/wp\/v2\/comments?post=14457"}],"version-history":[{"count":11,"href":"https:\/\/mexicocity.cdmx.gob.mx\/api\/wp\/v2\/pages\/14457\/revisions"}],"predecessor-version":[{"id":15784,"href":"https:\/\/mexicocity.cdmx.gob.mx\/api\/wp\/v2\/pages\/14457\/revisions\/15784"}],"up":[{"embeddable":true,"href":"https:\/\/mexicocity.cdmx.gob.mx\/api\/wp\/v2\/pages\/10"}],"wp:attachment":[{"href":"https:\/\/mexicocity.cdmx.gob.mx\/api\/wp\/v2\/media?parent=14457"}],"curies":[{"name":"wp","href":"https:\/\/api.w.org\/{rel}","templated":true}]}}